{"id":1117,"date":"2011-09-23T13:11:57","date_gmt":"2011-09-23T13:11:57","guid":{"rendered":"http:\/\/www.avissantaninfa.it\/wordpress\/?page_id=1117"},"modified":"2013-10-09T08:36:14","modified_gmt":"2013-10-09T08:36:14","slug":"servizio-civile-2012","status":"publish","type":"page","link":"https:\/\/www.avissantaninfa.it\/wordpress\/risorse\/servizio-civile\/servizio-civile-2012\/","title":{"rendered":"Servizio Civile 2011"},"content":{"rendered":"<div>\n<p style=\"text-align: justify;\"><strong><a href=\"http:\/\/www.avissantaninfa.it\/wordpress\/wp-content\/uploads\/2011\/09\/5225_img1.jpg\"><img loading=\"lazy\" decoding=\"async\" class=\"alignleft size-full wp-image-1127\" title=\"5225_img1\" src=\"http:\/\/www.avissantaninfa.it\/wordpress\/wp-content\/uploads\/2011\/09\/5225_img1.jpg\" alt=\"\" width=\"232\" height=\"328\" srcset=\"https:\/\/www.avissantaninfa.it\/wordpress\/wp-content\/uploads\/2011\/09\/5225_img1.jpg 232w, https:\/\/www.avissantaninfa.it\/wordpress\/wp-content\/uploads\/2011\/09\/5225_img1-212x300.jpg 212w\" sizes=\"(max-width: 232px) 100vw, 232px\" \/><\/a>Pubblicato il Bando Nazionale di Servizio Civile 2011<\/strong><\/p>\n<p style=\"text-align: justify;\">Con un po&#8217; di anticipo rispetto alla data di pubblicazione prevista dall&#8217;Ufficio Nazionale per il Servizio Civile, \u00e8 uscito, in data odierna, il Bando Nazionale di Servizio Civile 2011.<br \/>\nTutti i progetti di Servizio Civile presentati da AVIS Nazionale e finanziati dall&#8217;Ufficio Nazionale sono consultabili online a questo link.<\/p>\n<p style=\"text-align: justify;\">Il totale dei posti di Servizio Civile assegnati ad AVIS Nazionale con il Bando di Servizio Civile 2010 \u00e8 208. Il dettaglio del\u00a0<a href=\"http:\/\/www.avis.it\/repository\/cont_schedemm\/5223_documento.pdf\"><strong>numero di volontari assegnati su ciascun progetto e per ciascuna sede \u00e8 riportato nello schema disponibile a questo link<\/strong><\/a><strong>.<\/strong><\/p>\n<p style=\"text-align: justify;\">Si fa presente, a tutti gli interessati, che con la Determinazione UNSC Prot. 6486 del 10 febbraio 2010, l&#8217;Ufficio Nazionale per il Servizio Civile ha approvato i criteri per la selezione dei candidati di Servizio Civile proposti da AVIS Nazionale con la nota del 31 luglio 2009, Prot. UNSC 26148\/II.1. Come chiaramente indicato in tutti i progetti a bando, i criteri che verranno impiegati da AVIS nelle selezioni dei candidati sono, pertanto, quelli approvati dall&#8217;Ufficio Nazionale. Al fine di evitare qualsiasi contestazione si invitano tutti gli interessati a leggere con molta attenzione i criteri impiegati nelle selezioni prima di inoltrare la propria candidatura, soprattutto tenendo conto del fatto che \u00e8 possibile \u2013 ai sensi di legge \u2013 candidarsi per un unico progetto, un unico ente e un&#8217;unica sede, pena l&#8217;esclusione dal bando.<\/p>\n<p style=\"text-align: justify;\">Per presentare la propria candidatura \u00e8 necessario, quindi, seguire la seguente procedura:<\/p>\n<p style=\"text-align: justify;\">1.\tLeggere, con attenzione, il<strong> <\/strong><a href=\"http:\/\/www.serviziocivile.gov.it\/smartFiles_Data\/aac378a1-0a3e-47bf-8976-690f0f35e222_Bando%20Nazionale%20Volontari%202011.pdf\"><strong>Bando Nazionale per il Servizio Civile 2011<\/strong><\/a> e i requisiti, previsti dalla legge, per poter presentare la propria candidatura<\/p>\n<p style=\"text-align: justify;\">2.\tLeggere, con attenzione,\u00a0<a href=\"http:\/\/www.avis.it\/repository\/cont_schedemm\/5224_documento.pdf\"><strong>i criteri di selezione dei candidati accreditati ad AVIS Nazionale<\/strong><\/a><\/p>\n<p style=\"text-align: justify;\">3.\tLeggere, con attenzione, il testo del progetto per il quale ci si intende candidare e gli eventuali particolari obblighi dei volontari durante il servizio indicati nel progetto (punto n. 15 della scheda progetto).<\/p>\n<p style=\"text-align: justify;\">4.\tIndividuare la sede di attuazione del progetto per la quale ci si intende candidare e valutare con attenzione la distanza dal proprio domicilio. Il Bando Nazionale di Servizio Civile 2010 prevede che le spese per raggiungere quotidianamente la sede di attuazione del servizio siano a carico dei volontari di Servizio Civile. \u00c8 possibile candidarsi per un&#8217;unica sede di attuazione del progetto, pena l&#8217;esclusione.<\/p>\n<p style=\"text-align: justify;\">5.\tVerificate tutte le condizioni del concorso, presentare la propria candidatura online attraverso il format predisposto da AVIS Nazionale disponibile a\u00a0<a href=\"http:\/\/www.serviziocivileavis.it\/candidati\/iscrizione\/wfiscrizione.aspx\"><strong>questo link<\/strong><\/a><strong>.<\/strong> Si fa nuovamente presente che \u00e8 possibile inviare un&#8217;unica domanda di partecipazione al Bando Nazionale di Servizio Civile, pena l&#8217;esclusione. Non \u00e8 possibile, pertanto, candidarsi per pi\u00f9 sedi, per pi\u00f9 progetti o per enti diversi nell&#8217;ambito dello stesso Bando Nazionale.<\/p>\n<p style=\"text-align: justify;\">6.\tAl termine dell&#8217;inserimento della propria candidatura attraverso il format predisposto da AVIS Nazionale, occorre stampare e raccogliere tutta la documentazione cartacea richiesta in allegato.<\/p>\n<p style=\"text-align: justify;\">7.\tVerificare, con attenzione, che la documentazione cartacea stampata sia stata correttamente compilata in tutte le sue parti. Ai sensi di legge non \u00e8 possibile accogliere domande redatte in maniera incompleta o non corretta. Tali domande non potranno, pertanto, essere prese in considerazione e, ai candidati, sar\u00e0 in tal caso inviata una comunicazione scritta di esclusione dal Bando Nazionale di Servizio Civile 2011.<\/p>\n<p style=\"text-align: justify;\">8.\tVerificare, con attenzione, che la documentazione da allegare alla domanda sia corretta e completa. Ai sensi di legge non \u00e8 possibile accogliere domande prive di uno o pi\u00f9 dei documenti richiesti. Tali domande non potranno, pertanto, essere prese in considerazione e, ai candidati, sar\u00e0 in tal caso inviata una comunicazione scritta di esclusione dal Bando Nazionale di Servizio Civile 2011.<\/p>\n<p style=\"text-align: justify;\">9.\tAl termine dell&#8217;inserimento della propria candidatura attraverso il format predisposto da AVIS Nazionale, tutta la documentazione stampata e raccolta va inviata, esclusivamente tramite raccomandata con ricevuta di ritorno, al seguente indirizzo. Ai sensi di legge NON \u00e8 possibile accogliere domande pervenute tramite fax o tramite mail. Tali domande non potranno, pertanto, essere prese in considerazione e, ai candidati, sar\u00e0 in tal caso inviata una comunicazione scritta di esclusione dal Bando Nazionale di Servizio Civile 2011. L&#8217;indirizzo a cui spedire la documentazione \u00e8 il seguente:<\/p>\n<p style=\"text-align: justify;\"><strong>UFFICIO SERVIZIO CIVILE AVIS NAZIONALE<\/strong><br \/>\nViale Enrico Forlanini, 23<br \/>\n20134 Milano<\/p>\n<p>10.\tAi sensi di legge NON fa fede il timbro postale. Le candidature pervenute presso l&#8217;ufficio oltre il termine indicato dal Bando Nazionale non potranno, pertanto, essere prese in considerazione e, ai candidati, sar\u00e0 in tal caso inviata una comunicazione scritta di esclusione dal Bando Nazionale di Servizio Civile 2011.<\/p>\n<p style=\"text-align: justify;\">AVIS Nazionale, ricevuta la documentazione, ne verificher\u00e0 la correttezza. Non \u00e8 prevista, per legge, la richiesta di integrazione della documentazione inviata. Non \u00e8, pertanto, possibile inviare alcun tipo di documentazione integrativa.<\/p>\n<p style=\"text-align: justify;\">Ai candidati che avranno inviato, entro i termini indicati dal Bando Nazionale, tutta la documentazione richiesta in forma corretta e completa, verr\u00e0 inviata la convocazione ad una delle giornate di selezione.<\/p>\n<p style=\"text-align: justify;\">La mancata partecipazione ai colloqui di selezione da parte di AVIS Nazionale comporter\u00e0 l&#8217;esclusione dal bando. Ai candidati che non si presenteranno ai colloqui di selezione nelle date indicate da AVIS Nazionale verr\u00e0 inviata una comunicazione scritta di esclusione dal Bando Nazionale di Servizio Civile 2011.<\/p>\n<p style=\"text-align: justify;\">Le date di selezione in programma per le quali si potrebbe venir convocati da parte di AVIS Nazionale sono disponibili a\u00a0<a href=\"http:\/\/www.avis.it\/repository\/cont_schedemm\/5236_documento.pdf\"><strong>questo link.<\/strong><\/a><\/p>\n<p style=\"text-align: justify;\">Per poter partecipare alle selezioni \u00e8 necessario stampare la mail di convocazione di AVIS Nazionale. Non \u00e8 possibile presentarsi alle date di selezione senza la convocazione di AVIS Nazionale che attesta la correttezza della documentazione cartacea verificata in sede nazionale. I candidati che si presenteranno ai colloqui di selezione senza tale convocazione non potranno essere ammessi.<\/p>\n<p style=\"text-align: justify;\">Maggiori informazioni sul Servizio Civile Nazionale sono disponibili sul sito\u00a0<a href=\"http:\/\/www.serviziocivile.gov.it\/\"><strong>www.serviziocivile.it<\/strong><\/a> o nella sezione &#8220;Servizio Civile&#8221; del sito\u00a0<a href=\"http:\/\/www.avis.it\/usr_view.php\/ID=0\"><strong>www.avis.it<\/strong><\/a><strong>.<\/strong> Invitiamo, pertanto, tutti gli interessati ad acquisire tutte le informazioni utili prima di presentare la propria candidatura.<\/p>\n<p style=\"text-align: justify;\">Per ulteriori chiarimenti o informazioni \u00e8 possibile contattare l&#8217;Ufficio Servizio Civile di AVIS Nazionale, preferibilmente via mail, all&#8217;indirizzo: serviziocivile@avis.it o al numero di telefono 02\/70.00.67.86 \u2013 interno 3, esclusivamente nel seguente orario di ufficio: da luned\u00ec a venerd\u00ec dalle 9:00 alle 13:30 e dalle 14:00 alle 17:30.<\/p>\n<\/div>\n","protected":false},"excerpt":{"rendered":"<p>Pubblicato il Bando Nazionale di Servizio Civile 2011 Con un po&#8217; di anticipo rispetto alla data di pubblicazione prevista dall&#8217;Ufficio Nazionale per il Servizio Civile, \u00e8 uscito, in data odierna, il Bando Nazionale di Servizio Civile 2011. Tutti i progetti di Servizio Civile presentati da AVIS Nazionale e finanziati dall&#8217;Ufficio [&hellip;]<\/p>\n","protected":false},"author":1,"featured_media":0,"parent":46,"menu_order":1,"comment_status":"closed","ping_status":"closed","template":"","meta":{"ngg_post_thumbnail":0,"footnotes":""},"yoast_head":"<!-- This site is optimized with the Yoast SEO plugin v22.8 - https:\/\/yoast.com\/wordpress\/plugins\/seo\/ -->\n<title>Servizio Civile 2011 - AVIS Santa Ninfa<\/title>\n<meta name=\"robots\" content=\"index, follow, max-snippet:-1, max-image-preview:large, max-video-preview:-1\" \/>\n<link rel=\"canonical\" href=\"https:\/\/www.avissantaninfa.it\/wordpress\/risorse\/servizio-civile\/servizio-civile-2012\/\" \/>\n<meta property=\"og:locale\" content=\"it_IT\" \/>\n<meta property=\"og:type\" content=\"article\" \/>\n<meta property=\"og:title\" content=\"Servizio Civile 2011 - AVIS Santa Ninfa\" \/>\n<meta property=\"og:description\" content=\"Pubblicato il Bando Nazionale di Servizio Civile 2011 Con un po&#8217; di anticipo rispetto alla data di pubblicazione prevista dall&#8217;Ufficio Nazionale per il Servizio Civile, \u00e8 uscito, in data odierna, il Bando Nazionale di Servizio Civile 2011. Tutti i progetti di Servizio Civile presentati da AVIS Nazionale e finanziati dall&#8217;Ufficio [&hellip;]\" \/>\n<meta property=\"og:url\" content=\"https:\/\/www.avissantaninfa.it\/wordpress\/risorse\/servizio-civile\/servizio-civile-2012\/\" \/>\n<meta property=\"og:site_name\" content=\"AVIS Santa Ninfa\" \/>\n<meta property=\"article:modified_time\" content=\"2013-10-09T08:36:14+00:00\" \/>\n<meta property=\"og:image\" content=\"http:\/\/www.avissantaninfa.it\/wordpress\/wp-content\/uploads\/2011\/09\/5225_img1.jpg\" \/>\n<meta name=\"twitter:card\" content=\"summary_large_image\" \/>\n<meta name=\"twitter:label1\" content=\"Tempo di lettura stimato\" \/>\n\t<meta name=\"twitter:data1\" content=\"5 minuti\" \/>\n<script type=\"application\/ld+json\" class=\"yoast-schema-graph\">{\"@context\":\"https:\/\/schema.org\",\"@graph\":[{\"@type\":\"WebPage\",\"@id\":\"https:\/\/www.avissantaninfa.it\/wordpress\/risorse\/servizio-civile\/servizio-civile-2012\/\",\"url\":\"https:\/\/www.avissantaninfa.it\/wordpress\/risorse\/servizio-civile\/servizio-civile-2012\/\",\"name\":\"Servizio Civile 2011 - AVIS Santa Ninfa\",\"isPartOf\":{\"@id\":\"https:\/\/www.avissantaninfa.it\/wordpress\/#website\"},\"primaryImageOfPage\":{\"@id\":\"https:\/\/www.avissantaninfa.it\/wordpress\/risorse\/servizio-civile\/servizio-civile-2012\/#primaryimage\"},\"image\":{\"@id\":\"https:\/\/www.avissantaninfa.it\/wordpress\/risorse\/servizio-civile\/servizio-civile-2012\/#primaryimage\"},\"thumbnailUrl\":\"http:\/\/www.avissantaninfa.it\/wordpress\/wp-content\/uploads\/2011\/09\/5225_img1.jpg\",\"datePublished\":\"2011-09-23T13:11:57+00:00\",\"dateModified\":\"2013-10-09T08:36:14+00:00\",\"breadcrumb\":{\"@id\":\"https:\/\/www.avissantaninfa.it\/wordpress\/risorse\/servizio-civile\/servizio-civile-2012\/#breadcrumb\"},\"inLanguage\":\"it-IT\",\"potentialAction\":[{\"@type\":\"ReadAction\",\"target\":[\"https:\/\/www.avissantaninfa.it\/wordpress\/risorse\/servizio-civile\/servizio-civile-2012\/\"]}]},{\"@type\":\"ImageObject\",\"inLanguage\":\"it-IT\",\"@id\":\"https:\/\/www.avissantaninfa.it\/wordpress\/risorse\/servizio-civile\/servizio-civile-2012\/#primaryimage\",\"url\":\"http:\/\/www.avissantaninfa.it\/wordpress\/wp-content\/uploads\/2011\/09\/5225_img1.jpg\",\"contentUrl\":\"http:\/\/www.avissantaninfa.it\/wordpress\/wp-content\/uploads\/2011\/09\/5225_img1.jpg\"},{\"@type\":\"BreadcrumbList\",\"@id\":\"https:\/\/www.avissantaninfa.it\/wordpress\/risorse\/servizio-civile\/servizio-civile-2012\/#breadcrumb\",\"itemListElement\":[{\"@type\":\"ListItem\",\"position\":1,\"name\":\"Home\",\"item\":\"https:\/\/www.avissantaninfa.it\/wordpress\/\"},{\"@type\":\"ListItem\",\"position\":2,\"name\":\"Risorse\",\"item\":\"https:\/\/www.avissantaninfa.it\/wordpress\/risorse\/\"},{\"@type\":\"ListItem\",\"position\":3,\"name\":\"Servizio Civile 2015\",\"item\":\"https:\/\/www.avissantaninfa.it\/wordpress\/risorse\/servizio-civile\/\"},{\"@type\":\"ListItem\",\"position\":4,\"name\":\"Servizio Civile 2011\"}]},{\"@type\":\"WebSite\",\"@id\":\"https:\/\/www.avissantaninfa.it\/wordpress\/#website\",\"url\":\"https:\/\/www.avissantaninfa.it\/wordpress\/\",\"name\":\"AVIS Santa Ninfa\",\"description\":\" Avis -Santa Ninfa - Lavori in corso\",\"publisher\":{\"@id\":\"https:\/\/www.avissantaninfa.it\/wordpress\/#organization\"},\"potentialAction\":[{\"@type\":\"SearchAction\",\"target\":{\"@type\":\"EntryPoint\",\"urlTemplate\":\"https:\/\/www.avissantaninfa.it\/wordpress\/?s={search_term_string}\"},\"query-input\":\"required name=search_term_string\"}],\"inLanguage\":\"it-IT\"},{\"@type\":\"Organization\",\"@id\":\"https:\/\/www.avissantaninfa.it\/wordpress\/#organization\",\"name\":\"AVIS Santa Ninfa\",\"url\":\"https:\/\/www.avissantaninfa.it\/wordpress\/\",\"logo\":{\"@type\":\"ImageObject\",\"inLanguage\":\"it-IT\",\"@id\":\"https:\/\/www.avissantaninfa.it\/wordpress\/#\/schema\/logo\/image\/\",\"url\":\"https:\/\/www.avissantaninfa.it\/wordpress\/wp-content\/uploads\/2010\/12\/cropped-logo-avis.png\",\"contentUrl\":\"https:\/\/www.avissantaninfa.it\/wordpress\/wp-content\/uploads\/2010\/12\/cropped-logo-avis.png\",\"width\":500,\"height\":88,\"caption\":\"AVIS Santa Ninfa\"},\"image\":{\"@id\":\"https:\/\/www.avissantaninfa.it\/wordpress\/#\/schema\/logo\/image\/\"}}]}<\/script>\n<!-- \/ Yoast SEO plugin. -->","yoast_head_json":{"title":"Servizio Civile 2011 - AVIS Santa Ninfa","robots":{"index":"index","follow":"follow","max-snippet":"max-snippet:-1","max-image-preview":"max-image-preview:large","max-video-preview":"max-video-preview:-1"},"canonical":"https:\/\/www.avissantaninfa.it\/wordpress\/risorse\/servizio-civile\/servizio-civile-2012\/","og_locale":"it_IT","og_type":"article","og_title":"Servizio Civile 2011 - AVIS Santa Ninfa","og_description":"Pubblicato il Bando Nazionale di Servizio Civile 2011 Con un po&#8217; di anticipo rispetto alla data di pubblicazione prevista dall&#8217;Ufficio Nazionale per il Servizio Civile, \u00e8 uscito, in data odierna, il Bando Nazionale di Servizio Civile 2011. Tutti i progetti di Servizio Civile presentati da AVIS Nazionale e finanziati dall&#8217;Ufficio [&hellip;]","og_url":"https:\/\/www.avissantaninfa.it\/wordpress\/risorse\/servizio-civile\/servizio-civile-2012\/","og_site_name":"AVIS Santa Ninfa","article_modified_time":"2013-10-09T08:36:14+00:00","og_image":[{"url":"http:\/\/www.avissantaninfa.it\/wordpress\/wp-content\/uploads\/2011\/09\/5225_img1.jpg"}],"twitter_card":"summary_large_image","twitter_misc":{"Tempo di lettura stimato":"5 minuti"},"schema":{"@context":"https:\/\/schema.org","@graph":[{"@type":"WebPage","@id":"https:\/\/www.avissantaninfa.it\/wordpress\/risorse\/servizio-civile\/servizio-civile-2012\/","url":"https:\/\/www.avissantaninfa.it\/wordpress\/risorse\/servizio-civile\/servizio-civile-2012\/","name":"Servizio Civile 2011 - AVIS Santa Ninfa","isPartOf":{"@id":"https:\/\/www.avissantaninfa.it\/wordpress\/#website"},"primaryImageOfPage":{"@id":"https:\/\/www.avissantaninfa.it\/wordpress\/risorse\/servizio-civile\/servizio-civile-2012\/#primaryimage"},"image":{"@id":"https:\/\/www.avissantaninfa.it\/wordpress\/risorse\/servizio-civile\/servizio-civile-2012\/#primaryimage"},"thumbnailUrl":"http:\/\/www.avissantaninfa.it\/wordpress\/wp-content\/uploads\/2011\/09\/5225_img1.jpg","datePublished":"2011-09-23T13:11:57+00:00","dateModified":"2013-10-09T08:36:14+00:00","breadcrumb":{"@id":"https:\/\/www.avissantaninfa.it\/wordpress\/risorse\/servizio-civile\/servizio-civile-2012\/#breadcrumb"},"inLanguage":"it-IT","potentialAction":[{"@type":"ReadAction","target":["https:\/\/www.avissantaninfa.it\/wordpress\/risorse\/servizio-civile\/servizio-civile-2012\/"]}]},{"@type":"ImageObject","inLanguage":"it-IT","@id":"https:\/\/www.avissantaninfa.it\/wordpress\/risorse\/servizio-civile\/servizio-civile-2012\/#primaryimage","url":"http:\/\/www.avissantaninfa.it\/wordpress\/wp-content\/uploads\/2011\/09\/5225_img1.jpg","contentUrl":"http:\/\/www.avissantaninfa.it\/wordpress\/wp-content\/uploads\/2011\/09\/5225_img1.jpg"},{"@type":"BreadcrumbList","@id":"https:\/\/www.avissantaninfa.it\/wordpress\/risorse\/servizio-civile\/servizio-civile-2012\/#breadcrumb","itemListElement":[{"@type":"ListItem","position":1,"name":"Home","item":"https:\/\/www.avissantaninfa.it\/wordpress\/"},{"@type":"ListItem","position":2,"name":"Risorse","item":"https:\/\/www.avissantaninfa.it\/wordpress\/risorse\/"},{"@type":"ListItem","position":3,"name":"Servizio Civile 2015","item":"https:\/\/www.avissantaninfa.it\/wordpress\/risorse\/servizio-civile\/"},{"@type":"ListItem","position":4,"name":"Servizio Civile 2011"}]},{"@type":"WebSite","@id":"https:\/\/www.avissantaninfa.it\/wordpress\/#website","url":"https:\/\/www.avissantaninfa.it\/wordpress\/","name":"AVIS Santa Ninfa","description":" Avis -Santa Ninfa - Lavori in corso","publisher":{"@id":"https:\/\/www.avissantaninfa.it\/wordpress\/#organization"},"potentialAction":[{"@type":"SearchAction","target":{"@type":"EntryPoint","urlTemplate":"https:\/\/www.avissantaninfa.it\/wordpress\/?s={search_term_string}"},"query-input":"required name=search_term_string"}],"inLanguage":"it-IT"},{"@type":"Organization","@id":"https:\/\/www.avissantaninfa.it\/wordpress\/#organization","name":"AVIS Santa Ninfa","url":"https:\/\/www.avissantaninfa.it\/wordpress\/","logo":{"@type":"ImageObject","inLanguage":"it-IT","@id":"https:\/\/www.avissantaninfa.it\/wordpress\/#\/schema\/logo\/image\/","url":"https:\/\/www.avissantaninfa.it\/wordpress\/wp-content\/uploads\/2010\/12\/cropped-logo-avis.png","contentUrl":"https:\/\/www.avissantaninfa.it\/wordpress\/wp-content\/uploads\/2010\/12\/cropped-logo-avis.png","width":500,"height":88,"caption":"AVIS Santa Ninfa"},"image":{"@id":"https:\/\/www.avissantaninfa.it\/wordpress\/#\/schema\/logo\/image\/"}}]}},"_links":{"self":[{"href":"https:\/\/www.avissantaninfa.it\/wordpress\/wp-json\/wp\/v2\/pages\/1117"}],"collection":[{"href":"https:\/\/www.avissantaninfa.it\/wordpress\/wp-json\/wp\/v2\/pages"}],"about":[{"href":"https:\/\/www.avissantaninfa.it\/wordpress\/wp-json\/wp\/v2\/types\/page"}],"author":[{"embeddable":true,"href":"https:\/\/www.avissantaninfa.it\/wordpress\/wp-json\/wp\/v2\/users\/1"}],"replies":[{"embeddable":true,"href":"https:\/\/www.avissantaninfa.it\/wordpress\/wp-json\/wp\/v2\/comments?post=1117"}],"version-history":[{"count":7,"href":"https:\/\/www.avissantaninfa.it\/wordpress\/wp-json\/wp\/v2\/pages\/1117\/revisions"}],"predecessor-version":[{"id":1124,"href":"https:\/\/www.avissantaninfa.it\/wordpress\/wp-json\/wp\/v2\/pages\/1117\/revisions\/1124"}],"up":[{"embeddable":true,"href":"https:\/\/www.avissantaninfa.it\/wordpress\/wp-json\/wp\/v2\/pages\/46"}],"wp:attachment":[{"href":"https:\/\/www.avissantaninfa.it\/wordpress\/wp-json\/wp\/v2\/media?parent=1117"}],"curies":[{"name":"wp","href":"https:\/\/api.w.org\/{rel}","templated":true}]}}